{"id":9101,"date":"2025-11-20T13:46:29","date_gmt":"2025-11-20T13:46:29","guid":{"rendered":"https:\/\/www.agridagen.be\/?page_id=9101"},"modified":"2026-02-19T15:53:52","modified_gmt":"2026-02-19T15:53:52","slug":"exposanten-op-en-afbouw","status":"publish","type":"page","link":"https:\/\/www.agridagen.be\/nl\/exposanten-op-en-afbouw\/","title":{"rendered":"Exposanten | Op- en afbouw"},"content":{"rendered":"\t\t<div data-elementor-type=\"wp-page\" data-elementor-id=\"9101\" class=\"elementor elementor-9101\" data-elementor-post-type=\"page\">\n\t\t\t\t\t\t<section class=\"elementor-section elementor-top-section elementor-element elementor-element-7641f37 elementor-section-boxed elementor-section-height-default elementor-section-height-default\" data-id=\"7641f37\" data-element_type=\"section\" data-e-type=\"section\">\n\t\t\t\t\t\t<div class=\"elementor-container elementor-column-gap-default\">\n\t\t\t\t\t<div class=\"elementor-column elementor-col-100 elementor-top-column elementor-element elementor-element-06db8ed\" data-id=\"06db8ed\" data-element_type=\"column\" data-e-type=\"column\">\n\t\t\t<div class=\"elementor-widget-wrap elementor-element-populated\">\n\t\t\t\t\t\t<div class=\"elementor-element elementor-element-0f7d86f elementor-widget elementor-widget-heading\" data-id=\"0f7d86f\" data-element_type=\"widget\" data-e-type=\"widget\" data-widget_type=\"heading.default\">\n\t\t\t\t<div class=\"elementor-widget-container\">\n\t\t\t\t\t<h2 class=\"elementor-heading-title elementor-size-default\">Op- en afbouw<\/h2>\t\t\t\t<\/div>\n\t\t\t\t<\/div>\n\t\t\t\t\t<\/div>\n\t\t<\/div>\n\t\t\t\t\t<\/div>\n\t\t<\/section>\n\t\t\t\t<section class=\"elementor-section elementor-top-section elementor-element elementor-element-2fc03a3 elementor-section-boxed elementor-section-height-default elementor-section-height-default\" data-id=\"2fc03a3\" data-element_type=\"section\" data-e-type=\"section\">\n\t\t\t\t\t\t<div class=\"elementor-container elementor-column-gap-default\">\n\t\t\t\t\t<div class=\"elementor-column elementor-col-50 elementor-top-column elementor-element elementor-element-c0f83ba\" data-id=\"c0f83ba\" data-element_type=\"column\" data-e-type=\"column\">\n\t\t\t<div class=\"elementor-widget-wrap elementor-element-populated\">\n\t\t\t\t\t\t<div class=\"elementor-element elementor-element-aec8108 elementor-widget elementor-widget-heading\" data-id=\"aec8108\" data-element_type=\"widget\" data-e-type=\"widget\" data-widget_type=\"heading.default\">\n\t\t\t\t<div class=\"elementor-widget-container\">\n\t\t\t\t\t<h3 class=\"elementor-heading-title elementor-size-default\">De opbouw kan gebeuren op volgende dagen en uren\n<\/h3>\t\t\t\t<\/div>\n\t\t\t\t<\/div>\n\t\t\t\t<div class=\"elementor-element elementor-element-ff227f2 elementor-icon-list--layout-traditional elementor-list-item-link-full_width elementor-widget elementor-widget-icon-list\" data-id=\"ff227f2\" data-element_type=\"widget\" data-e-type=\"widget\" data-widget_type=\"icon-list.default\">\n\t\t\t\t<div class=\"elementor-widget-container\">\n\t\t\t\t\t\t\t<ul class=\"elementor-icon-list-items\">\n\t\t\t\t\t\t\t<li class=\"elementor-icon-list-item\">\n\t\t\t\t\t\t\t\t\t\t\t<span class=\"elementor-icon-list-icon\">\n\t\t\t\t\t\t\t<i aria-hidden=\"true\" class=\"fas fa-circle\"><\/i>\t\t\t\t\t\t<\/span>\n\t\t\t\t\t\t\t\t\t\t<span class=\"elementor-icon-list-text\">Maandag 16\/02\/2026: 08.00u tot 20.00u<\/span>\n\t\t\t\t\t\t\t\t\t<\/li>\n\t\t\t\t\t\t\t\t<li class=\"elementor-icon-list-item\">\n\t\t\t\t\t\t\t\t\t\t\t<span class=\"elementor-icon-list-icon\">\n\t\t\t\t\t\t\t<i aria-hidden=\"true\" class=\"fas fa-circle\"><\/i>\t\t\t\t\t\t<\/span>\n\t\t\t\t\t\t\t\t\t\t<span class=\"elementor-icon-list-text\">Dinsdag 17\/02\/2026: 08.00u tot 20.00u<\/span>\n\t\t\t\t\t\t\t\t\t<\/li>\n\t\t\t\t\t\t\t\t<li class=\"elementor-icon-list-item\">\n\t\t\t\t\t\t\t\t\t\t\t<span class=\"elementor-icon-list-icon\">\n\t\t\t\t\t\t\t<i aria-hidden=\"true\" class=\"fas fa-circle\"><\/i>\t\t\t\t\t\t<\/span>\n\t\t\t\t\t\t\t\t\t\t<span class=\"elementor-icon-list-text\">Woensdag 18\/02\/2026: 08.00u tot 20.00u<\/span>\n\t\t\t\t\t\t\t\t\t<\/li>\n\t\t\t\t\t\t\t\t<li class=\"elementor-icon-list-item\">\n\t\t\t\t\t\t\t\t\t\t\t<span class=\"elementor-icon-list-icon\">\n\t\t\t\t\t\t\t<i aria-hidden=\"true\" class=\"fas fa-circle\"><\/i>\t\t\t\t\t\t<\/span>\n\t\t\t\t\t\t\t\t\t\t<span class=\"elementor-icon-list-text\">Donderdag 19\/02\/2026: 08.00u tot 18.00u<\/span>\n\t\t\t\t\t\t\t\t\t<\/li>\n\t\t\t\t\t\t<\/ul>\n\t\t\t\t\t\t<\/div>\n\t\t\t\t<\/div>\n\t\t\t\t<div class=\"elementor-element elementor-element-b3ddd7c elementor-widget elementor-widget-text-editor\" data-id=\"b3ddd7c\" data-element_type=\"widget\" data-e-type=\"widget\" data-widget_type=\"text-editor.default\">\n\t\t\t\t<div class=\"elementor-widget-container\">\n\t\t\t\t\t\t\t\t\t<p>Vervroegde opbouw is in principe niet mogelijk.<\/p>\t\t\t\t\t\t\t\t<\/div>\n\t\t\t\t<\/div>\n\t\t\t\t\t<\/div>\n\t\t<\/div>\n\t\t\t\t<div class=\"elementor-column elementor-col-50 elementor-top-column elementor-element elementor-element-0accaa8\" data-id=\"0accaa8\" data-element_type=\"column\" data-e-type=\"column\">\n\t\t\t<div class=\"elementor-widget-wrap elementor-element-populated\">\n\t\t\t\t\t\t<div class=\"elementor-element elementor-element-feb8b08 elementor-widget elementor-widget-heading\" data-id=\"feb8b08\" data-element_type=\"widget\" data-e-type=\"widget\" data-widget_type=\"heading.default\">\n\t\t\t\t<div class=\"elementor-widget-container\">\n\t\t\t\t\t<h3 class=\"elementor-heading-title elementor-size-default\">De afbouw kan gebeuren op volgende dagen en uren\n<\/h3>\t\t\t\t<\/div>\n\t\t\t\t<\/div>\n\t\t\t\t<div class=\"elementor-element elementor-element-908e42c elementor-icon-list--layout-traditional elementor-list-item-link-full_width elementor-widget elementor-widget-icon-list\" data-id=\"908e42c\" data-element_type=\"widget\" data-e-type=\"widget\" data-widget_type=\"icon-list.default\">\n\t\t\t\t<div class=\"elementor-widget-container\">\n\t\t\t\t\t\t\t<ul class=\"elementor-icon-list-items\">\n\t\t\t\t\t\t\t<li class=\"elementor-icon-list-item\">\n\t\t\t\t\t\t\t\t\t\t\t<span class=\"elementor-icon-list-icon\">\n\t\t\t\t\t\t\t<i aria-hidden=\"true\" class=\"fas fa-circle\"><\/i>\t\t\t\t\t\t<\/span>\n\t\t\t\t\t\t\t\t\t\t<span class=\"elementor-icon-list-text\">Zondag 22\/02\/2026: 19.00u tot 22.00u<\/span>\n\t\t\t\t\t\t\t\t\t<\/li>\n\t\t\t\t\t\t\t\t<li class=\"elementor-icon-list-item\">\n\t\t\t\t\t\t\t\t\t\t\t<span class=\"elementor-icon-list-icon\">\n\t\t\t\t\t\t\t<i aria-hidden=\"true\" class=\"fas fa-circle\"><\/i>\t\t\t\t\t\t<\/span>\n\t\t\t\t\t\t\t\t\t\t<span class=\"elementor-icon-list-text\">Maandag 23\/02\/2026: 08.00u tot 20.00u<\/span>\n\t\t\t\t\t\t\t\t\t<\/li>\n\t\t\t\t\t\t\t\t<li class=\"elementor-icon-list-item\">\n\t\t\t\t\t\t\t\t\t\t\t<span class=\"elementor-icon-list-icon\">\n\t\t\t\t\t\t\t<i aria-hidden=\"true\" class=\"fas fa-circle\"><\/i>\t\t\t\t\t\t<\/span>\n\t\t\t\t\t\t\t\t\t\t<span class=\"elementor-icon-list-text\">Dinsdag 24\/02\/2026: 08.00u tot 20.00u<\/span>\n\t\t\t\t\t\t\t\t\t<\/li>\n\t\t\t\t\t\t<\/ul>\n\t\t\t\t\t\t<\/div>\n\t\t\t\t<\/div>\n\t\t\t\t\t<\/div>\n\t\t<\/div>\n\t\t\t\t\t<\/div>\n\t\t<\/section>\n\t\t\t\t<section class=\"elementor-section elementor-top-section elementor-element elementor-element-877ebd5 elementor-section-boxed elementor-section-height-default elementor-section-height-default\" data-id=\"877ebd5\" data-element_type=\"section\" data-e-type=\"section\">\n\t\t\t\t\t\t<div class=\"elementor-container elementor-column-gap-default\">\n\t\t\t\t\t<div class=\"elementor-column elementor-col-50 elementor-top-column elementor-element elementor-element-a9f8f47\" data-id=\"a9f8f47\" data-element_type=\"column\" data-e-type=\"column\">\n\t\t\t<div class=\"elementor-widget-wrap elementor-element-populated\">\n\t\t\t\t\t\t<div class=\"elementor-element elementor-element-99ab5d6 elementor-widget elementor-widget-heading\" data-id=\"99ab5d6\" data-element_type=\"widget\" data-e-type=\"widget\" data-widget_type=\"heading.default\">\n\t\t\t\t<div class=\"elementor-widget-container\">\n\t\t\t\t\t<h3 class=\"elementor-heading-title elementor-size-default\">Inrichting en afwerking van de standen<\/h3>\t\t\t\t<\/div>\n\t\t\t\t<\/div>\n\t\t\t\t<div class=\"elementor-element elementor-element-8c885d7 elementor-widget elementor-widget-text-editor\" data-id=\"8c885d7\" data-element_type=\"widget\" data-e-type=\"widget\" data-widget_type=\"text-editor.default\">\n\t\t\t\t<div class=\"elementor-widget-container\">\n\t\t\t\t\t\t\t\t\t<p>Gelieve bij de opbouw van de standen rekening te houden met de volgende richtlijnen:<\/p><p>De inrichting van de standen moet overeenkomen met wat bepaald is in het <strong>algemeen reglement<\/strong> en met de <strong>brandweer<\/strong>.<\/p><p>Iedere exposant dient de <strong>afmetingen<\/strong> van zijn standplaats te <strong>respecteren<\/strong> zoals deze zijn aangeduid op de vloer. Het is verboden om publiciteitsmateriaal buiten deze ruimte te plaatsen of materiaal (promoborden, vlaggen) boven de gangen te laten uitsteken.<\/p><p>Indien de <strong>aanpalende muren<\/strong> van een stand hoger zijn dan die van de buurstand, dient de achterzijde van die muur (dus gericht naar de buurstanden) afgewerkt te worden in overleg met de aanpalende stand(en).<\/p><p><strong>Scheidingswanden hoger dan 3m<\/strong> moeten goedgekeurd worden door de organisator van de Agridagen. U stuurt hiervoor een e-mail met het ontwerp van de stand naar info@agridagen.be.<\/p><p>Om het harmonieus geheel te bevorderen, behoudt de organisator van de Agridagen zich het recht voor alle <strong>storende installaties en versieringen<\/strong> te laten wegnemen of te doen veranderen. Spandoeken mogen in geen enkel opzicht de tentoonstelling ontsieren. Hierover oordeelt het secretariaat van de Agridagen.<\/p><p>De <strong>open zijden<\/strong> van de stand mogen voor maximum 1\/2 met panelen worden afgesloten.<\/p><p><strong>Daags v\u00f3\u00f3r de opening<\/strong> dienen alle werkzaamheden be\u00ebindigd te zijn v\u00f3\u00f3r 18.00u.<\/p><p style=\"margin-bottom: 0cm\">\u00a0<\/p>\t\t\t\t\t\t\t\t<\/div>\n\t\t\t\t<\/div>\n\t\t\t\t\t<\/div>\n\t\t<\/div>\n\t\t\t\t<div class=\"elementor-column elementor-col-50 elementor-top-column elementor-element elementor-element-9a34071\" data-id=\"9a34071\" data-element_type=\"column\" data-e-type=\"column\">\n\t\t\t<div class=\"elementor-widget-wrap elementor-element-populated\">\n\t\t\t\t\t\t<div class=\"elementor-element elementor-element-e44ff7e elementor-widget elementor-widget-heading\" data-id=\"e44ff7e\" data-element_type=\"widget\" data-e-type=\"widget\" data-widget_type=\"heading.default\">\n\t\t\t\t<div class=\"elementor-widget-container\">\n\t\t\t\t\t<h3 class=\"elementor-heading-title elementor-size-default\">Technische informatie hallen\n<\/h3>\t\t\t\t<\/div>\n\t\t\t\t<\/div>\n\t\t\t\t<div class=\"elementor-element elementor-element-b8ce658 elementor-icon-list--layout-traditional elementor-list-item-link-full_width elementor-widget elementor-widget-icon-list\" data-id=\"b8ce658\" data-element_type=\"widget\" data-e-type=\"widget\" data-widget_type=\"icon-list.default\">\n\t\t\t\t<div class=\"elementor-widget-container\">\n\t\t\t\t\t\t\t<ul class=\"elementor-icon-list-items\">\n\t\t\t\t\t\t\t<li class=\"elementor-icon-list-item\">\n\t\t\t\t\t\t\t\t\t\t\t<span class=\"elementor-icon-list-icon\">\n\t\t\t\t\t\t\t<i aria-hidden=\"true\" class=\"fas fa-circle\"><\/i>\t\t\t\t\t\t<\/span>\n\t\t\t\t\t\t\t\t\t\t<span class=\"elementor-icon-list-text\">Hoogte zijmuren: 3,5m<\/span>\n\t\t\t\t\t\t\t\t\t<\/li>\n\t\t\t\t\t\t\t\t<li class=\"elementor-icon-list-item\">\n\t\t\t\t\t\t\t\t\t\t\t<span class=\"elementor-icon-list-icon\">\n\t\t\t\t\t\t\t<i aria-hidden=\"true\" class=\"fas fa-circle\"><\/i>\t\t\t\t\t\t<\/span>\n\t\t\t\t\t\t\t\t\t\t<span class=\"elementor-icon-list-text\">Nokhoogte: 6,595m<\/span>\n\t\t\t\t\t\t\t\t\t<\/li>\n\t\t\t\t\t\t\t\t<li class=\"elementor-icon-list-item\">\n\t\t\t\t\t\t\t\t\t\t\t<span class=\"elementor-icon-list-icon\">\n\t\t\t\t\t\t\t<i aria-hidden=\"true\" class=\"fas fa-circle\"><\/i>\t\t\t\t\t\t<\/span>\n\t\t\t\t\t\t\t\t\t\t<span class=\"elementor-icon-list-text\">Vrije hoogte (tot verluchtingsbuis): 5,92m<\/span>\n\t\t\t\t\t\t\t\t\t<\/li>\n\t\t\t\t\t\t\t\t<li class=\"elementor-icon-list-item\">\n\t\t\t\t\t\t\t\t\t\t\t<span class=\"elementor-icon-list-icon\">\n\t\t\t\t\t\t\t<i aria-hidden=\"true\" class=\"fas fa-circle\"><\/i>\t\t\t\t\t\t<\/span>\n\t\t\t\t\t\t\t\t\t\t<span class=\"elementor-icon-list-text\">Hoogte poorten: 4,40m<\/span>\n\t\t\t\t\t\t\t\t\t<\/li>\n\t\t\t\t\t\t\t\t<li class=\"elementor-icon-list-item\">\n\t\t\t\t\t\t\t\t\t\t\t<span class=\"elementor-icon-list-icon\">\n\t\t\t\t\t\t\t<i aria-hidden=\"true\" class=\"fas fa-circle\"><\/i>\t\t\t\t\t\t<\/span>\n\t\t\t\t\t\t\t\t\t\t<span class=\"elementor-icon-list-text\">Breedte poorten: 5,50m<\/span>\n\t\t\t\t\t\t\t\t\t<\/li>\n\t\t\t\t\t\t<\/ul>\n\t\t\t\t\t\t<\/div>\n\t\t\t\t<\/div>\n\t\t\t\t\t<\/div>\n\t\t<\/div>\n\t\t\t\t\t<\/div>\n\t\t<\/section>\n\t\t\t\t<\/div>\n\t\t","protected":false},"excerpt":{"rendered":"<p>Op- en afbouw De opbouw kan gebeuren op volgende dagen en uren Maandag 16\/02\/2026: 08.00u tot 20.00u Dinsdag 17\/02\/2026: 08.00u tot 20.00u Woensdag 18\/02\/2026: 08.00u tot 20.00u Donderdag 19\/02\/2026: 08.00u tot 18.00u Vervroegde opbouw is in principe niet mogelijk. De afbouw kan gebeuren op volgende dagen en uren Zondag 22\/02\/2026: 19.00u tot 22.00u Maandag 23\/02\/2026: &hellip; <a href=\"https:\/\/www.agridagen.be\/nl\/exposanten-op-en-afbouw\/\" class=\"more-link\">Continue reading<span class=\"screen-reader-text\"> &#8220;Exposanten | Op- en afbouw&#8221;<\/span><\/a><\/p>\n","protected":false},"author":1,"featured_media":0,"parent":0,"menu_order":0,"comment_status":"closed","ping_status":"closed","template":"elementor_header_footer","meta":{"_acf_changed":false,"inline_featured_image":false,"footnotes":""},"class_list":["post-9101","page","type-page","status-publish","hentry"],"acf":[],"yoast_head":"<!-- This site is optimized with the Yoast SEO plugin v27.5 - https:\/\/yoast.com\/product\/yoast-seo-wordpress\/ -->\n<title>Exposanten | Op- en afbouw - Agridagen<\/title>\n<meta name=\"robots\" content=\"index, follow, max-snippet:-1, max-image-preview:large, max-video-preview:-1\" \/>\n<link rel=\"canonical\" href=\"https:\/\/www.agridagen.be\/nl\/exposanten-op-en-afbouw\/\" \/>\n<meta property=\"og:locale\" content=\"nl_NL\" \/>\n<meta property=\"og:type\" content=\"article\" \/>\n<meta property=\"og:title\" content=\"Exposanten | Op- en afbouw - Agridagen\" \/>\n<meta property=\"og:description\" content=\"Op- en afbouw De opbouw kan gebeuren op volgende dagen en uren Maandag 16\/02\/2026: 08.00u tot 20.00u Dinsdag 17\/02\/2026: 08.00u tot 20.00u Woensdag 18\/02\/2026: 08.00u tot 20.00u Donderdag 19\/02\/2026: 08.00u tot 18.00u Vervroegde opbouw is in principe niet mogelijk. De afbouw kan gebeuren op volgende dagen en uren Zondag 22\/02\/2026: 19.00u tot 22.00u Maandag 23\/02\/2026: &hellip; Continue reading &quot;Exposanten | Op- en afbouw&quot;\" \/>\n<meta property=\"og:url\" content=\"https:\/\/www.agridagen.be\/nl\/exposanten-op-en-afbouw\/\" \/>\n<meta property=\"og:site_name\" content=\"Agridagen\" \/>\n<meta property=\"article:modified_time\" content=\"2026-02-19T15:53:52+00:00\" \/>\n<meta name=\"twitter:card\" content=\"summary_large_image\" \/>\n<meta name=\"twitter:label1\" content=\"Geschatte leestijd\" \/>\n\t<meta name=\"twitter:data1\" content=\"2 minuten\" \/>\n<script type=\"application\/ld+json\" class=\"yoast-schema-graph\">{\"@context\":\"https:\\\/\\\/schema.org\",\"@graph\":[{\"@type\":\"WebPage\",\"@id\":\"https:\\\/\\\/www.agridagen.be\\\/nl\\\/exposanten-op-en-afbouw\\\/\",\"url\":\"https:\\\/\\\/www.agridagen.be\\\/nl\\\/exposanten-op-en-afbouw\\\/\",\"name\":\"Exposanten | Op- en afbouw - Agridagen\",\"isPartOf\":{\"@id\":\"https:\\\/\\\/www.agridagen.be\\\/nl\\\/#website\"},\"datePublished\":\"2025-11-20T13:46:29+00:00\",\"dateModified\":\"2026-02-19T15:53:52+00:00\",\"breadcrumb\":{\"@id\":\"https:\\\/\\\/www.agridagen.be\\\/nl\\\/exposanten-op-en-afbouw\\\/#breadcrumb\"},\"inLanguage\":\"nl-NL\",\"potentialAction\":[{\"@type\":\"ReadAction\",\"target\":[\"https:\\\/\\\/www.agridagen.be\\\/nl\\\/exposanten-op-en-afbouw\\\/\"]}]},{\"@type\":\"BreadcrumbList\",\"@id\":\"https:\\\/\\\/www.agridagen.be\\\/nl\\\/exposanten-op-en-afbouw\\\/#breadcrumb\",\"itemListElement\":[{\"@type\":\"ListItem\",\"position\":1,\"name\":\"Home\",\"item\":\"https:\\\/\\\/www.agridagen.be\\\/\"},{\"@type\":\"ListItem\",\"position\":2,\"name\":\"Exposanten | Op- en afbouw\"}]},{\"@type\":\"WebSite\",\"@id\":\"https:\\\/\\\/www.agridagen.be\\\/nl\\\/#website\",\"url\":\"https:\\\/\\\/www.agridagen.be\\\/nl\\\/\",\"name\":\"Agridagen\",\"description\":\"Vakbeurs voor intensieve veeteelt en mechanisatie op erfniveau\",\"potentialAction\":[{\"@type\":\"SearchAction\",\"target\":{\"@type\":\"EntryPoint\",\"urlTemplate\":\"https:\\\/\\\/www.agridagen.be\\\/nl\\\/?s={search_term_string}\"},\"query-input\":{\"@type\":\"PropertyValueSpecification\",\"valueRequired\":true,\"valueName\":\"search_term_string\"}}],\"inLanguage\":\"nl-NL\"}]}<\/script>\n<!-- \/ Yoast SEO plugin. -->","yoast_head_json":{"title":"Exposanten | Op- en afbouw - Agridagen","robots":{"index":"index","follow":"follow","max-snippet":"max-snippet:-1","max-image-preview":"max-image-preview:large","max-video-preview":"max-video-preview:-1"},"canonical":"https:\/\/www.agridagen.be\/nl\/exposanten-op-en-afbouw\/","og_locale":"nl_NL","og_type":"article","og_title":"Exposanten | Op- en afbouw - Agridagen","og_description":"Op- en afbouw De opbouw kan gebeuren op volgende dagen en uren Maandag 16\/02\/2026: 08.00u tot 20.00u Dinsdag 17\/02\/2026: 08.00u tot 20.00u Woensdag 18\/02\/2026: 08.00u tot 20.00u Donderdag 19\/02\/2026: 08.00u tot 18.00u Vervroegde opbouw is in principe niet mogelijk. De afbouw kan gebeuren op volgende dagen en uren Zondag 22\/02\/2026: 19.00u tot 22.00u Maandag 23\/02\/2026: &hellip; Continue reading \"Exposanten | Op- en afbouw\"","og_url":"https:\/\/www.agridagen.be\/nl\/exposanten-op-en-afbouw\/","og_site_name":"Agridagen","article_modified_time":"2026-02-19T15:53:52+00:00","twitter_card":"summary_large_image","twitter_misc":{"Geschatte leestijd":"2 minuten"},"schema":{"@context":"https:\/\/schema.org","@graph":[{"@type":"WebPage","@id":"https:\/\/www.agridagen.be\/nl\/exposanten-op-en-afbouw\/","url":"https:\/\/www.agridagen.be\/nl\/exposanten-op-en-afbouw\/","name":"Exposanten | Op- en afbouw - Agridagen","isPartOf":{"@id":"https:\/\/www.agridagen.be\/nl\/#website"},"datePublished":"2025-11-20T13:46:29+00:00","dateModified":"2026-02-19T15:53:52+00:00","breadcrumb":{"@id":"https:\/\/www.agridagen.be\/nl\/exposanten-op-en-afbouw\/#breadcrumb"},"inLanguage":"nl-NL","potentialAction":[{"@type":"ReadAction","target":["https:\/\/www.agridagen.be\/nl\/exposanten-op-en-afbouw\/"]}]},{"@type":"BreadcrumbList","@id":"https:\/\/www.agridagen.be\/nl\/exposanten-op-en-afbouw\/#breadcrumb","itemListElement":[{"@type":"ListItem","position":1,"name":"Home","item":"https:\/\/www.agridagen.be\/"},{"@type":"ListItem","position":2,"name":"Exposanten | Op- en afbouw"}]},{"@type":"WebSite","@id":"https:\/\/www.agridagen.be\/nl\/#website","url":"https:\/\/www.agridagen.be\/nl\/","name":"Agridagen","description":"Vakbeurs voor intensieve veeteelt en mechanisatie op erfniveau","potentialAction":[{"@type":"SearchAction","target":{"@type":"EntryPoint","urlTemplate":"https:\/\/www.agridagen.be\/nl\/?s={search_term_string}"},"query-input":{"@type":"PropertyValueSpecification","valueRequired":true,"valueName":"search_term_string"}}],"inLanguage":"nl-NL"}]}},"_links":{"self":[{"href":"https:\/\/www.agridagen.be\/nl\/wp-json\/wp\/v2\/pages\/9101","targetHints":{"allow":["GET"]}}],"collection":[{"href":"https:\/\/www.agridagen.be\/nl\/wp-json\/wp\/v2\/pages"}],"about":[{"href":"https:\/\/www.agridagen.be\/nl\/wp-json\/wp\/v2\/types\/page"}],"author":[{"embeddable":true,"href":"https:\/\/www.agridagen.be\/nl\/wp-json\/wp\/v2\/users\/1"}],"replies":[{"embeddable":true,"href":"https:\/\/www.agridagen.be\/nl\/wp-json\/wp\/v2\/comments?post=9101"}],"version-history":[{"count":22,"href":"https:\/\/www.agridagen.be\/nl\/wp-json\/wp\/v2\/pages\/9101\/revisions"}],"predecessor-version":[{"id":9382,"href":"https:\/\/www.agridagen.be\/nl\/wp-json\/wp\/v2\/pages\/9101\/revisions\/9382"}],"wp:attachment":[{"href":"https:\/\/www.agridagen.be\/nl\/wp-json\/wp\/v2\/media?parent=9101"}],"curies":[{"name":"wp","href":"https:\/\/api.w.org\/{rel}","templated":true}]}}